{"id":3,"date":"2021-08-18T10:03:21","date_gmt":"2021-08-18T08:03:21","guid":{"rendered":"https:\/\/myonlinefair.org\/?page_id=3"},"modified":"2022-12-14T10:14:55","modified_gmt":"2022-12-14T09:14:55","slug":"politica-privacidad","status":"publish","type":"page","link":"https:\/\/myonlinefair.org\/es\/politica-privacidad\/","title":{"rendered":"Pol\u00edtica de privacidad"},"content":{"rendered":"\n<p>Los datos personales que nos facilites por cualesquiera de los medios habilitados al efecto, ser\u00e1n tratados de conformidad con la siguiente pol\u00edtica de privacidad. En relaci\u00f3n con la recogida de datos, informarte de que, en el caso de que no resulte necesario facilitar todos los datos solicitados, se identificar\u00e1n con un asterisco aquellos campos que sea obligatorio cumplimentar, siendo el resto, absolutamente voluntarios.<\/p>\n\n\n\n<h2 class=\"wp-block-heading\">1.1.- IDENTIDAD DEL RESPONSABLE.<\/h2>\n\n\n\n<p>Responsable: My Online Fair, S.L.<br>Direcci\u00f3n postal: Calle Bartolom\u00e9 de Carranza, 26 4C, 31008, Pamplona, Navarra. (Espa\u00f1a)<br>N.I.F.: B714030226<br>Tel\u00e9fono: 948 198 611<br>Email: info@myonlinefair.com<\/p>\n\n\n\n<h2 class=\"wp-block-heading\">1.2.- TRATAMIENTOS DE DATOS.<\/h2>\n\n\n\n<p>A continuaci\u00f3n, te informamos sobre los tratamientos de datos que recoge esta pol\u00edtica de privacidad, indic\u00e1ndote tanto la base legal del <a href=\"https:\/\/eur-lex.europa.eu\/legal-content\/ES\/TXT\/?uri=CELEX:32016R0679\" target=\"_blank\" rel=\"noreferrer noopener\">Reglamento General de Protecci\u00f3n de Datos <\/a>(en adelante, RGPD) como el plazo de conservaci\u00f3n espec\u00edfico de los datos, a los que habr\u00e1 que a\u00f1adir el tiempo necesario para cumplir con las obligaciones legales y atender las posibles responsabilidades que se pudieran derivarse para el Responsable en relaci\u00f3n con el cumplimiento de la finalidad para la que los datos fueron recabados:<\/p>\n\n\n\n<h3 class=\"wp-block-heading\">RELATIVOS A NUESTRA RELACI\u00d3N CONTIGO<\/h3>\n\n\n\n<figure class=\"wp-block-table\"><table><tbody><tr><td>Tratamientos y finalidades<\/td><td>Base legal (RGPD)<\/td><td>Plazo<\/td><\/tr><tr><td><strong>Solicitudes de informaci\u00f3n<\/strong> o<br><strong>consulta<\/strong>: Emplearemos tus datos<br>para atender las peticiones de<br>informaci\u00f3n, consulta o<br>reclamaciones que nos remitas, con<br>la gesti\u00f3n y alcance que las mismas<br>requieran. As\u00ed como para la<br>confecci\u00f3n de propuestas de<br>servicios y\/o colaboraci\u00f3n.<\/td><td><strong>6.1.a)<\/strong> RGPD. El interesado<br>dio su consentimiento<br>para el tratamiento.<br><strong>6.1.b)<\/strong> RGPD. El<br>tratamiento es necesario<br>para aplicaci\u00f3n a petici\u00f3n<br>del interesado de medidas<br>precontractuales.<\/td><td>Durante el tiempo necesario<br>para atender y gestionar tu<br>solicitud y\/o reclamaci\u00f3n.<\/td><\/tr><tr><td><strong>Gesti\u00f3n de usuarios registrados:<\/strong><br>Emplearemos tus datos para tramitar tu registro, controlar y<br>gestionar tu relaci\u00f3n como cliente,<br>gestionar tu interactuaci\u00f3n con la<br>plataforma y tramitar tus peticiones.<br>Asimismo, emplearemos tus datos<br>para la gesti\u00f3n administrativa de la<br>relaci\u00f3n lo que puede implicar la<br>atenci\u00f3n de incidencias, consultas,<br>devoluciones y gesti\u00f3n de cobro de<br>pedidos.<\/td><td><strong>Art. 6.1b)<\/strong> Ejecuci\u00f3n de un<br>contrato del que el interesado es parte.<\/td><td>Mientras se mantenga vigente<br>la relaci\u00f3n contractual y el Responsable est\u00e9 legitimado<br>para el tratamiento.<\/td><\/tr><tr><td><strong>Prestaci\u00f3n de servicios:<\/strong><br>Emplearemos tus datos para<br>gestionar y tramitar los servicios que<br>hayas contratado con nosotros.<\/td><td><strong>Art. 6.1.b)<\/strong> El tratamiento<br>es necesario para la<br>ejecuci\u00f3n de un contrato<br>en el que el interesado es<br>parte.<\/td><td>Mientras se prolongue la<br>relaci\u00f3n y\/o el servicio.<\/td><\/tr><tr><td>Newsletter y Comunicaciones<br>comerciales: En el caso de que<br>tengas una relaci\u00f3n contractual<br>previa con nosotros, salvo oposici\u00f3n<br>por tu parte, emplearemos tus datos<br>para remitirte comunicaciones<br>comerciales relacionados con los<br>productos o servicios objeto de<br>dicha contrataci\u00f3n previa.<br>Asimismo, cuando nos lo solicites o<br>consientas, emplearemos tus datos<br>para enviarte comunicaciones<br>comerciales sobre productos o<br>servicios del Responsable<\/td><td><strong>Art. 6.1.f)<\/strong> Inter\u00e9s leg\u00edtimo<br>del Responsable basado en<br>el <a href=\"https:\/\/www.boe.es\/buscar\/act.php?id=BOE-A-2002-13758&amp;p=20201112&amp;tn=1\" target=\"_blank\" rel=\"noreferrer noopener\">art\u00edculo 21.1 de la Ley<br>de Servicios de la Sociedad<br>de la Informaci\u00f3n y<br>Comercio Electr\u00f3nico.<\/a><br><br><strong>Art. 6.1.a)<\/strong> Consentimiento<br>expreso del interesado.<\/td><td>Mientras se mantenga vigente<br>la relaci\u00f3n contractual y<br>desees seguir recibiendo este<br>tipo de comunicaciones.<br><br>Mientras no retires tu<br>consentimiento y te opongas<br>al tratamiento<\/td><\/tr><tr><td>Personas f\u00edsicas actuando en<br>representaci\u00f3n de jur\u00eddicas:<br>Emplearemos tus datos para<br>gestionar y atender dicha situaci\u00f3n<br>de representaci\u00f3n.<\/td><td>Art. 6.1.f) Inter\u00e9s leg\u00edtimo<br>del Responsable basado en<br>el art\u00edculo 19 de la <a href=\"https:\/\/www.boe.es\/boe\/dias\/2018\/12\/06\/pdfs\/BOE-A-2018-16673.pdf\" target=\"_blank\" rel=\"noreferrer noopener\">Ley<br>Org\u00e1nica 3\/2018<\/a>.<\/td><td>Mientras se mantenga vigente<br>la relaci\u00f3n contractual con la<br>persona jur\u00eddica representada<br>y estemos legitimados para el<br>tratamiento.<\/td><\/tr><\/tbody><\/table><\/figure>\n\n\n\n<h3 class=\"wp-block-heading\">ASOCIADOS AL CUMPLIMIENTO NORMATIVO<\/h3>\n\n\n\n<figure class=\"wp-block-table\"><table><tbody><tr><td>Tratamientos<\/td><td>Base legal<\/td><td>Plazo<\/td><\/tr><tr><td>Atenci\u00f3n del ejercicio de los<br>derechos de los interesados: En el<br>caso de que, como interesado,<br>ejercites alguno de los derechos que<br>te asisten en relaci\u00f3n con tus datos<br>personales, emplearemos los datos que nos facilites para evaluar tu<br>solicitud y atender la misma.<\/td><td>Art. 6.1.c) Cumplimiento<br>de una obligaci\u00f3n legal<br>aplicable al Responsable<br>basada en los art\u00edculos 15<br>a 22 del <a href=\"https:\/\/eur-lex.europa.eu\/legal-content\/ES\/TXT\/?uri=CELEX%3A02016R0679-20160504\" target=\"_blank\" rel=\"noreferrer noopener\">RGPD<\/a> y 12 a 18 de<br>la <a href=\"https:\/\/www.boe.es\/boe\/dias\/2018\/12\/06\/pdfs\/BOE-A-2018-16673.pdf\" target=\"_blank\" rel=\"noreferrer noopener\">Ley Org\u00e1nica 3\/2018<\/a>.<\/td><td>Mientras resulte necesario<br>para atender el ejercicio de<br>derechos comunicado al<br>Responsable.<\/td><\/tr><tr><td>Cumplimiento de las obligaciones<br>legales vinculadas a los productos<br>y\/o servicios ofrecidos a los<br>interesados. Emplearemos tus datos<br>para dar cumplimiento a las<br>exigencias legales aplicables a la<br>relaci\u00f3n que nos une contigo.<\/td><td><strong>Art. 6.1.c) <\/strong>Cumplimiento<br>de una obligaci\u00f3n legal<br>aplicable al responsable.<\/td><td>Mientras resulte necesario<br>para dar cumplimiento a las<br>obligaciones legales del<br>Responsable.<\/td><\/tr><\/tbody><\/table><\/figure>\n\n\n\n<h3 class=\"wp-block-heading\">COOKIES<\/h3>\n\n\n\n<figure class=\"wp-block-table\"><table><tbody><tr><td>En el caso de que al iniciar la visita a esta p\u00e1gina web hayas aceptado recibir cookies, se te aplicar\u00e1<br>la pol\u00edtica de cookies del sitio web, accesible a trav\u00e9s del siguiente enlace.<\/td><\/tr><\/tbody><\/table><\/figure>\n\n\n\n<p>En el caso de que se te solicite en alg\u00fan momento autorizaci\u00f3n para el tratamiento de tus datos, para una finalidad que requiera tu consentimiento, su no otorgamiento (o su eventual retirada con posterioridad) no tendr\u00e1 consecuencias para ti en ning\u00fan caso. Tampoco tendr\u00e1 ning\u00fan tipo de consecuencia, tu oposici\u00f3n al tratamiento de tus datos para finalidades basadas en inter\u00e9s leg\u00edtimo (por ejemplo, el uso de tus datos como cliente para el env\u00edo de comunicaciones comerciales).<\/p>\n\n\n\n<h2 class=\"wp-block-heading\">1.3.- TIPO DE DATOS QUE PODEMOS RECOGER SOBRE TI.<\/h2>\n\n\n\n<p>A trav\u00e9s de las distintas v\u00edas de contacto (correo electr\u00f3nico, tel\u00e9fono, fax\u2026), los formularios, habilitados en nuestro sitio web, se recoger\u00e1n datos identificativos y de contacto, tales como nombre, apellidos, correo electr\u00f3nico, tel\u00e9fono, etc. En alg\u00fan formulario espec\u00edfico, puedes remitirnos informaci\u00f3n complementaria (ej. motivo de la consulta\u2026).<\/p>\n\n\n\n<p>Finalmente, en funci\u00f3n de tus preferencias con las cookies, la configuraci\u00f3n de tu dispositivo al acceder a la p\u00e1gina o a las comunicaciones que te remitamos, podr\u00edamos registrar tu navegaci\u00f3n en nuestra p\u00e1gina web obteniendo informaci\u00f3n sobre tu comportamiento e intereses y podr\u00edamos asimismo conocer la apertura de las comunicaciones comerciales.<\/p>\n\n\n\n<h2 class=\"wp-block-heading\">1.4.- DESTINATARIOS.<\/h2>\n\n\n\n<p>Con car\u00e1cter general, salvo obligaci\u00f3n legal, tus datos no ser\u00e1n comunicados ni transferidos a ning\u00fan tercero sin contar previamente con tu consentimiento expreso. En todo caso, algunas comunicaciones y\/o transferencias de datos a terceros pueden venir impuestas por determinada normativa o para atender las obligaciones con las Administraciones P\u00fablicas en los casos que as\u00ed se requiera de acuerdo con la legislaci\u00f3n vigente, en cada momento.<\/p>\n\n\n\n<p>Otras comunicaciones y\/o transferencias ser\u00e1n consecuencia necesaria de la prestaci\u00f3n del servicio solicitado, gesti\u00f3n del evento o resultado de un consentimiento expreso por tu parte a la comunicaci\u00f3n. A continuaci\u00f3n, recogemos aquellas finalidades para las que puede resultar necesario comunicar tus datos a terceros:<\/p>\n\n\n\n<p>&#8211;<strong> Env\u00edo de comunicaciones y boletines, medici\u00f3n de su actividad, formularios y encuestas<\/strong>. En este caso, se comunicar\u00e1n tus datos a la empresa titular de la soluci\u00f3n tecnol\u00f3gica empleada con dicha finalidad, para que cumpla con las funciones de env\u00edo y medici\u00f3n que le han sido encomendadas.<\/p>\n\n\n\n<p>&#8211; <strong>Hosting de la p\u00e1gina web. <\/strong>Los datos alojados en nuestro sitio web ser\u00e1n comunicados a la empresa que nos presta el servicio de alojamiento web.<\/p>\n\n\n\n<p>Finalmente, te informamos de que empleamos los siguientes servicios de terceros que implican transferencias internacionales de datos:<\/p>\n\n\n\n<p>&#8211; Servicio de anal\u00edtica web denominado \u201cGoogle Analytics\u201d proporcionado por Google (Google Ireland Limited) que seg\u00fan los<a href=\"https:\/\/marketingplatform.google.com\/about\/analytics\/terms\/es\/\" target=\"_blank\" rel=\"noreferrer noopener\"> t\u00e9rminos y condiciones del proveedor<\/a>, implica transferencias internacionales de datos fuera del espacio econ\u00f3mico de la UE, y <a href=\"http:\/\/support.google.com\/analytics\/answer\/6004245(opens in a new tab)\" target=\"_blank\" rel=\"noreferrer noopener\">seg\u00fan declaraci\u00f3n del proveedor<\/a> , cumplen con el marco legal aplicable por medio de las Cl\u00e1usulas Contractuales Tipo establecidas por la Comisi\u00f3n Europea.<\/p>\n\n\n\n<p>En cualquier caso, trasladarte que nos esforzamos porque todos nuestros colaboradores o proveedores que puedan tener acceso a tus datos cumplan con las exigencias establecidas en el Reglamento General de Protecci\u00f3n de datos y ofrezcan garant\u00edas adecuadas.<\/p>\n\n\n\n<h2 class=\"wp-block-heading\">1.5.- DERECHOS.<\/h2>\n\n\n\n<p>Respecto a los datos de car\u00e1cter personal recogidos para su tratamiento tienes la posibilidad de ejercitar los derechos de acceso, rectificaci\u00f3n, supresi\u00f3n y portabilidad. Asimismo, en determinadas circunstancias, tendr\u00e1s derecho a solicitar la limitaci\u00f3n u oposici\u00f3n del tratamiento de tus datos, en cuyo caso el Responsable cesar\u00e1 en su tratamiento y \u00fanicamente conservar\u00e1 los mismos en el caso de que exista alguna obligaci\u00f3n normativa que as\u00ed se lo imponga o hasta la prescripci\u00f3n de las acciones que pudieran concurrir. Para cualquier consulta o ejercicio de tus derechos puedes dirigirte a nosotros acreditando tu identidad en el email info@myonlinefair.com o a trav\u00e9s de cualquiera de las v\u00edas de contacto indicadas en el encabezamiento de la presente pol\u00edtica de protecci\u00f3n de datos.<\/p>\n\n\n\n<p>Finalmente, tambi\u00e9n podr\u00e1s dirigirte ante la autoridad de control cuando lo consideres oportuno para interponer una reclamaci\u00f3n (por ejemplo, en el pa\u00eds donde tengas tu residencia habitual, tu lugar de trabajo o en el que consideres que se ha producido la supuesta infracci\u00f3n). A los efectos oportunos, te informamos que en Espa\u00f1a la Autoridad de Control es la <a href=\"http:\/\/aepd.es\/es\" target=\"_blank\" rel=\"noreferrer noopener\">Agencia Espa\u00f1ola de Protecci\u00f3n de Datos<\/a> , y puedes ejercitar tus derechos a trav\u00e9s de los formularios que \u00e9sta entidad tiene habilitados al efecto y que est\u00e1n disponibles en su <a href=\"https:\/\/sedeagpd.gob.es\/sede-electronica-web\/vistas\/infoSede\/inicioCiudadano.jsf\" target=\"_blank\" rel=\"noreferrer noopener\">sede electr\u00f3nica<\/a>.<\/p>\n\n\n\n<p>Si quieres m\u00e1s informaci\u00f3n sobre los mencionados derechos te invitamos a que sigas leyendo o que visites <a href=\"https:\/\/www.aepd.es\/es\/documento\/cuales-son-tus-derechos-de-proteccion-de-datos.pdf\" target=\"_blank\" rel=\"noreferrer noopener\">la infograf\u00eda elaborada por la Agencia Espa\u00f1ola de Protecci\u00f3n de Datos<\/a>.<\/p>\n\n\n\n<p>Podr\u00e1s dirigir tu reclamaci\u00f3n o ejercitar tus derechos a trav\u00e9s de cualquiera de las v\u00edas de contacto<br>indicadas en el apartado de \u201cIdentidad del Responsable\u201d de la presente pol\u00edtica.<\/p>\n\n\n\n<p><\/p>\n","protected":false},"excerpt":{"rendered":"<p>Los datos personales que nos facilites por cualesquiera de los medios habilitados al efecto, ser\u00e1n tratados de conformidad con la siguiente pol\u00edtica de privacidad. En relaci\u00f3n con la recogida de datos, informarte de que, en el caso de que no resulte necesario facilitar todos los datos solicitados, se identificar\u00e1n con un asterisco aquellos campos que [&hellip;]<\/p>\n","protected":false},"author":1,"featured_media":0,"parent":0,"menu_order":999,"comment_status":"closed","ping_status":"closed","template":"","meta":{"_acf_changed":false,"footnotes":""},"class_list":["post-3","page","type-page","status-publish","hentry"],"acf":[],"yoast_head":"<!-- This site is optimized with the Yoast SEO plugin v26.3 - https:\/\/yoast.com\/wordpress\/plugins\/seo\/ -->\n<title>Pol\u00edtica de privacidad - My Online Fair<\/title>\n<meta name=\"robots\" content=\"index, follow, max-snippet:-1, max-image-preview:large, max-video-preview:-1\" \/>\n<link rel=\"canonical\" href=\"https:\/\/myonlinefair.org\/es\/politica-privacidad\/\" \/>\n<meta property=\"og:locale\" content=\"es_ES\" \/>\n<meta property=\"og:type\" content=\"article\" \/>\n<meta property=\"og:title\" content=\"Pol\u00edtica de privacidad - My Online Fair\" \/>\n<meta property=\"og:description\" content=\"Los datos personales que nos facilites por cualesquiera de los medios habilitados al efecto, ser\u00e1n tratados de conformidad con la siguiente pol\u00edtica de privacidad. En relaci\u00f3n con la recogida de datos, informarte de que, en el caso de que no resulte necesario facilitar todos los datos solicitados, se identificar\u00e1n con un asterisco aquellos campos que [&hellip;]\" \/>\n<meta property=\"og:url\" content=\"https:\/\/myonlinefair.org\/es\/politica-privacidad\/\" \/>\n<meta property=\"og:site_name\" content=\"My Online Fair\" \/>\n<meta property=\"article:modified_time\" content=\"2022-12-14T09:14:55+00:00\" \/>\n<meta name=\"twitter:card\" content=\"summary_large_image\" \/>\n<meta name=\"twitter:label1\" content=\"Tiempo de lectura\" \/>\n\t<meta name=\"twitter:data1\" content=\"7 minutos\" \/>\n<script type=\"application\/ld+json\" class=\"yoast-schema-graph\">{\"@context\":\"https:\/\/schema.org\",\"@graph\":[{\"@type\":\"WebPage\",\"@id\":\"https:\/\/myonlinefair.org\/es\/politica-privacidad\/\",\"url\":\"https:\/\/myonlinefair.org\/es\/politica-privacidad\/\",\"name\":\"Pol\u00edtica de privacidad - My Online Fair\",\"isPartOf\":{\"@id\":\"https:\/\/myonlinefair.org\/es\/#website\"},\"datePublished\":\"2021-08-18T08:03:21+00:00\",\"dateModified\":\"2022-12-14T09:14:55+00:00\",\"breadcrumb\":{\"@id\":\"https:\/\/myonlinefair.org\/es\/politica-privacidad\/#breadcrumb\"},\"inLanguage\":\"es\",\"potentialAction\":[{\"@type\":\"ReadAction\",\"target\":[\"https:\/\/myonlinefair.org\/es\/politica-privacidad\/\"]}]},{\"@type\":\"BreadcrumbList\",\"@id\":\"https:\/\/myonlinefair.org\/es\/politica-privacidad\/#breadcrumb\",\"itemListElement\":[{\"@type\":\"ListItem\",\"position\":1,\"name\":\"Portada\",\"item\":\"https:\/\/myonlinefair.org\/es\/\"},{\"@type\":\"ListItem\",\"position\":2,\"name\":\"Pol\u00edtica de privacidad\"}]},{\"@type\":\"WebSite\",\"@id\":\"https:\/\/myonlinefair.org\/es\/#website\",\"url\":\"https:\/\/myonlinefair.org\/es\/\",\"name\":\"My Online Fair\",\"description\":\"\",\"potentialAction\":[{\"@type\":\"SearchAction\",\"target\":{\"@type\":\"EntryPoint\",\"urlTemplate\":\"https:\/\/myonlinefair.org\/es\/?s={search_term_string}\"},\"query-input\":{\"@type\":\"PropertyValueSpecification\",\"valueRequired\":true,\"valueName\":\"search_term_string\"}}],\"inLanguage\":\"es\"}]}<\/script>\n<!-- \/ Yoast SEO plugin. -->","yoast_head_json":{"title":"Pol\u00edtica de privacidad - My Online Fair","robots":{"index":"index","follow":"follow","max-snippet":"max-snippet:-1","max-image-preview":"max-image-preview:large","max-video-preview":"max-video-preview:-1"},"canonical":"https:\/\/myonlinefair.org\/es\/politica-privacidad\/","og_locale":"es_ES","og_type":"article","og_title":"Pol\u00edtica de privacidad - My Online Fair","og_description":"Los datos personales que nos facilites por cualesquiera de los medios habilitados al efecto, ser\u00e1n tratados de conformidad con la siguiente pol\u00edtica de privacidad. En relaci\u00f3n con la recogida de datos, informarte de que, en el caso de que no resulte necesario facilitar todos los datos solicitados, se identificar\u00e1n con un asterisco aquellos campos que [&hellip;]","og_url":"https:\/\/myonlinefair.org\/es\/politica-privacidad\/","og_site_name":"My Online Fair","article_modified_time":"2022-12-14T09:14:55+00:00","twitter_card":"summary_large_image","twitter_misc":{"Tiempo de lectura":"7 minutos"},"schema":{"@context":"https:\/\/schema.org","@graph":[{"@type":"WebPage","@id":"https:\/\/myonlinefair.org\/es\/politica-privacidad\/","url":"https:\/\/myonlinefair.org\/es\/politica-privacidad\/","name":"Pol\u00edtica de privacidad - My Online Fair","isPartOf":{"@id":"https:\/\/myonlinefair.org\/es\/#website"},"datePublished":"2021-08-18T08:03:21+00:00","dateModified":"2022-12-14T09:14:55+00:00","breadcrumb":{"@id":"https:\/\/myonlinefair.org\/es\/politica-privacidad\/#breadcrumb"},"inLanguage":"es","potentialAction":[{"@type":"ReadAction","target":["https:\/\/myonlinefair.org\/es\/politica-privacidad\/"]}]},{"@type":"BreadcrumbList","@id":"https:\/\/myonlinefair.org\/es\/politica-privacidad\/#breadcrumb","itemListElement":[{"@type":"ListItem","position":1,"name":"Portada","item":"https:\/\/myonlinefair.org\/es\/"},{"@type":"ListItem","position":2,"name":"Pol\u00edtica de privacidad"}]},{"@type":"WebSite","@id":"https:\/\/myonlinefair.org\/es\/#website","url":"https:\/\/myonlinefair.org\/es\/","name":"My Online Fair","description":"","potentialAction":[{"@type":"SearchAction","target":{"@type":"EntryPoint","urlTemplate":"https:\/\/myonlinefair.org\/es\/?s={search_term_string}"},"query-input":{"@type":"PropertyValueSpecification","valueRequired":true,"valueName":"search_term_string"}}],"inLanguage":"es"}]}},"_links":{"self":[{"href":"https:\/\/myonlinefair.org\/es\/wp-json\/wp\/v2\/pages\/3","targetHints":{"allow":["GET"]}}],"collection":[{"href":"https:\/\/myonlinefair.org\/es\/wp-json\/wp\/v2\/pages"}],"about":[{"href":"https:\/\/myonlinefair.org\/es\/wp-json\/wp\/v2\/types\/page"}],"author":[{"embeddable":true,"href":"https:\/\/myonlinefair.org\/es\/wp-json\/wp\/v2\/users\/1"}],"replies":[{"embeddable":true,"href":"https:\/\/myonlinefair.org\/es\/wp-json\/wp\/v2\/comments?post=3"}],"version-history":[{"count":3,"href":"https:\/\/myonlinefair.org\/es\/wp-json\/wp\/v2\/pages\/3\/revisions"}],"predecessor-version":[{"id":591,"href":"https:\/\/myonlinefair.org\/es\/wp-json\/wp\/v2\/pages\/3\/revisions\/591"}],"wp:attachment":[{"href":"https:\/\/myonlinefair.org\/es\/wp-json\/wp\/v2\/media?parent=3"}],"curies":[{"name":"wp","href":"https:\/\/api.w.org\/{rel}","templated":true}]}}